{"id":16231,"date":"2024-10-25T15:44:36","date_gmt":"2024-10-25T12:44:36","guid":{"rendered":"https:\/\/dolphinfix.com.tr\/eticaret?post_type=product&#038;p=16231"},"modified":"2026-03-12T23:34:51","modified_gmt":"2026-03-12T20:34:51","slug":"therm-002-seffaf-zemin-koruyucu-cila","status":"publish","type":"product","link":"https:\/\/dolphinfix.com.tr\/eticaret\/urun\/therm-002-seffaf-zemin-koruyucu-cila\/","title":{"rendered":"THERM 002 C\u0130LA &#8211; THERM KORUYUCU C\u0130LA"},"content":{"rendered":"<h3><span style=\"color: #c61016;\">\u00dcR\u00dcN B\u0130LG\u0130LER\u0130 ;<\/span><\/h3>\n<p data-pm-slice=\"0 0 []\"><span style=\"color: #000000;\"><strong>TANIMI:<\/strong> Therm 002 Koruyucu Cila, Termoplastik re\u00e7ine esasl\u0131, tek bile\u015fenli, \u015feffaf, koruyucu ve dayan\u0131ml\u0131 zemin verni\u011fidir.<\/span><\/p>\n<p><span style=\"color: #000000;\"><strong>\u00dcR\u00dcN \u00d6ZELL\u0130KLER\u0130<\/strong><\/span><br \/>\n<span style=\"color: #000000;\">\u0130\u00e7 ve d\u0131\u015f mekanlarda ta\u015f, beton, beton parke, tu\u011fla bord\u00fcr ta\u015f gibi y\u00fczeylerde etkili bir parlakl\u0131k ve koruma sa\u011flar. \u00c7izilmelere ve a\u015f\u0131nmaya kar\u015f\u0131 korur, uzun s\u00fcreli dayan\u0131kl\u0131l\u0131k sa\u011flar. Zeminlere derin bir parlakl\u0131k verir, do\u011fal g\u00f6r\u00fcn\u00fcm\u00fcn\u00fc korur. Kolay ve h\u0131zl\u0131 uygulama i\u00e7in tek bile\u015fenli olarak tasarlanm\u0131\u015ft\u0131r.<\/span><\/p>\n<p><span style=\"color: #000000;\"><strong>KULLANIM ALANLARI<\/strong><\/span><br \/>\n<span style=\"color: #000000;\">Do\u011fal ta\u015f, beton, beton parke ve mikrobeton vb. zeminlerin parlak ve sa\u011flam bir g\u00f6r\u00fcn\u00fcm sa\u011flamas\u0131 i\u00e7in geli\u015ftirilmi\u015ftir.<\/span><\/p>\n<p><span style=\"color: #000000;\"><strong>UYGULAMA<\/strong><\/span><br \/>\n<span style=\"color: #000000;\">Uygulama yap\u0131lacak y\u00fczeydeki t\u00fcm kir, ya\u011f temizlenerek, y\u00fczey; temiz, tozsuz ve kuru hale getirilmelidir. Vernik uygulamas\u0131 esnas\u0131nda ya\u011f\u0131\u015fl\u0131 veya s\u0131cak ortamlardan ka\u00e7\u0131n\u0131lmal\u0131, m\u00fcmk\u00fcn oldu\u011funca g\u00fcne\u015f \u0131\u015f\u0131nlar\u0131na direkt maruz kalmayan g\u00f6lgeli saatler ve b\u00f6lgeler se\u00e7ilmelidir. Ortam s\u0131cakl\u0131\u011f\u0131n\u0131n 15\u201330 \u00baC oldu\u011fu ko\u015fullarda uygulama yap\u0131lmal\u0131d\u0131r.<\/span><\/p>\n<p><span style=\"color: #000000;\"><strong>SARF\u0130YAT<\/strong><\/span><br \/>\n<span style=\"color: #000000;\">Uygulama yap\u0131lacak y\u00fczeyin cinsine, emicili\u011fine ve yap\u0131s\u0131na g\u00f6re 1 Kilogram ile tek katta 6-7 m\u00b2 alan boyanabilir. Kesin sarfiyat i\u00e7in kontroll\u00fc numune \u00e7al\u0131\u015fmas\u0131 yap\u0131lmal\u0131d\u0131r.<\/span><\/p>\n<p><span style=\"color: #000000;\"><strong>KURUMA S\u00dcRES\u0130 (20\u00b0C, %65 HR\u2019de)<\/strong><\/span><br \/>\n<span style=\"color: #000000;\">Dokunma kurumas\u0131: 30 dakika,<\/span><br \/>\n<span style=\"color: #000000;\">\u0130kinci kat uygulamas\u0131: 2 Saat<\/span><br \/>\n<span style=\"color: #000000;\">Son kuruma: 12 saat (daha y\u00fcksek ba\u011f\u0131l nem ve d\u00fc\u015f\u00fck s\u0131cakl\u0131kta kuruma s\u00fcresi uzayabilir).<\/span><\/p>\n<p><span style=\"color: #000000;\"><strong>UYARILAR<\/strong><\/span><br \/>\n<span style=\"color: #000000;\">A\u00e7\u0131lmam\u0131\u015f ambalaj\u0131nda, serin ve kuru yerde dondan, direkt g\u00fcne\u015f \u0131\u015f\u0131\u011f\u0131ndan korunarak 1 y\u0131l saklanabilir. Ambalaj\u0131n kapa\u011f\u0131n\u0131 kullan\u0131mdan hemen sonra hava<\/span><br \/>\n<span style=\"color: #000000;\">almayacak \u015fekilde kapat\u0131n\u0131z.<\/span><\/p>\n<p><span style=\"color: #000000;\"><strong>AMBALAJ<\/strong><\/span><br \/>\n<span style=\"color: #000000;\">18 LT METAL KOVA<\/span><\/p>\n<p><span style=\"color: #000000;\"><strong>RAF \u00d6MR\u00dc<\/strong><\/span><br \/>\n<span style=\"color: #000000;\">Orijinal, hasar g\u00f6rmemi\u015f ve a\u00e7\u0131lmam\u0131\u015f ambalaj\u0131nda ve depolama \u015farlar\u0131na uyulmas\u0131 durumunda \u00fcretim tarihi itibariyle 12 ayd\u0131r.<\/span><\/p>\n<p><span style=\"color: #000000;\"><strong>DEPOLAMA \u015eARTLARI<\/strong><\/span><br \/>\n<span style=\"color: #000000;\">A\u00e7\u0131lmam\u0131\u015f ambalaj\u0131nda, serin (+5\u00b0C ile +30\u00b0C ) ve kuru yerde dondan, direkt g\u00fcne\u015f \u0131\u015f\u0131\u011f\u0131ndan korunarak 3 y\u0131l saklanabilir. Ambalaj\u0131n kapa\u011f\u0131n\u0131 kullan\u0131mdan hemen sonra hava almayacak \u015fekilde kapat\u0131n\u0131z.<\/span><\/p>\n<p><span style=\"color: #000000;\"><strong>G\u00dcVENL\u0130K TAVS\u0130YELER\u0130<\/strong><\/span><br \/>\n<span style=\"color: #000000;\">R 10 : Alevlenebilir.<\/span><br \/>\n<span style=\"color: #000000;\">R 20\/21\/22 : Solundu\u011funda, deri ile temasta ve yutuldu\u011funda sa\u011fl\u0131\u011fa zararl\u0131d\u0131r.<\/span><br \/>\n<span style=\"color: #000000;\">R 43 : Cilt ile temas\u0131nda hassasiyet olu\u015fturabilir.<\/span><br \/>\n<span style=\"color: #000000;\">S 2 : \u00c7ocuklar\u0131n ula\u015fabilece\u011fi yerlerden uzak tutun.<\/span><br \/>\n<span style=\"color: #000000;\">S 23 : Buhar\u0131n\u0131 solumay\u0131n.<\/span><br \/>\n<span style=\"color: #000000;\">S 24\/25 : G\u00f6z ve cilt ile temas\u0131ndan sak\u0131n\u0131n.<\/span><br \/>\n<span style=\"color: #000000;\">S 37 : Uygun eldiven giyin.<\/span><br \/>\n<span style=\"color: #000000;\">S 46 : Yutulmas\u0131 halinde hemen bir doktora ba\u015fvurun, kab\u0131 veya etiketi g\u00f6sterin.<\/span><br \/>\n<span style=\"color: #000000;\">S 56 : Bu maddeyi ve kab\u0131n\u0131 tehlikeli veya \u00f6zel at\u0131k toplama yerlerinde bertaraf edin.<\/span><br \/>\n<span style=\"color: #000000;\">S 16 : Tutu\u015fturucu kaynaklardan uzak tutunuz, sigara i\u00e7meyiniz.<\/span><br \/>\n<span style=\"color: #000000;\">S 51 : Sadece iyi havaland\u0131r\u0131lan yerlerde kullan\u0131n\u0131z.<\/span><\/p>\n","protected":false},"excerpt":{"rendered":"<p><span style=\"color: #000000;\"><a style=\"color: #000000;\" href=\"https:\/\/dolphinfix.com.tr\/eticaret\/wp-content\/uploads\/2025\/04\/THERM-002-KORUYU-CILA-TDS.pdf\" target=\"_blank\" rel=\"noopener\">TDS Belgesini \u0130ndirmek \u0130\u00e7in T\u0131klay\u0131n\u0131z<br \/>\n<\/a><\/span><span style=\"color: #000000;\"><a style=\"color: #000000;\" href=\"#\" target=\"_blank\" rel=\"noopener\">CE Belgesini \u0130ndirmek \u0130\u00e7in T\u0131klay\u0131n\u0131z<\/a><\/span><\/p>\n","protected":false},"featured_media":17469,"comment_status":"open","ping_status":"closed","template":"","meta":{"_joinchat":[]},"product_cat":[87,125],"product_tag":[830,832,829,831,813,834,827,835,833,815,814,836,821,828,824],"class_list":{"0":"post-16231","1":"product","2":"type-product","3":"status-publish","4":"has-post-thumbnail","6":"product_cat-isi-yalitimi","7":"product_cat-mantolama","8":"product_tag-cati-ve-teras-cila","9":"product_tag-dayanikli-koruyucu-cila","10":"product_tag-dis-cephe-koruyucu-cila","11":"product_tag-enerji-tasarruflu-cila","12":"product_tag-isi-yalitim-cilasi","13":"product_tag-kolay-uygulanabilir-cila","14":"product_tag-koruyucu-cila","15":"product_tag-nefes-alan-cila","16":"product_tag-profesyonel-yalitim-cilasi","17":"product_tag-ses-yalitim-cilasi","18":"product_tag-su-yalitim-cilasi","19":"product_tag-therm-koruyucu-urun","20":"product_tag-uzun-omurlu-yalitim-cilasi","21":"product_tag-yalitim-koruyucu-cila","22":"product_tag-yuksek-performansli-yalitim-cilasi","24":"first","25":"instock","26":"taxable","27":"shipping-taxable","28":"purchasable","29":"product-type-variable"},"yoast_head":"<!-- This site is optimized with the Yoast SEO Premium plugin v20.2.1 (Yoast SEO v20.2.1) - https:\/\/yoast.com\/wordpress\/plugins\/seo\/ -->\n<title>Therm 002 Zemin Koruyucu Cila | Beton ve Ta\u015f \u0130\u00e7in \u015eeffaf Vernik<\/title>\n<meta name=\"description\" content=\"Therm 002 zemin koruyucu cila; beton, ta\u015f ve parke y\u00fczeylerde parlakl\u0131k sa\u011flayan, \u00e7izilme ve a\u015f\u0131nmaya kar\u015f\u0131 dayan\u0131kl\u0131 termoplastik re\u00e7ine esasl\u0131 \u015feffaf zemin verni\u011fidir.\" \/>\n<meta name=\"robots\" content=\"index, follow, max-snippet:-1, max-image-preview:large, max-video-preview:-1\" \/>\n<link rel=\"canonical\" href=\"https:\/\/dolphinfix.com.tr\/eticaret\/urun\/therm-002-seffaf-zemin-koruyucu-cila\/\" \/>\n<meta property=\"og:locale\" content=\"tr_TR\" \/>\n<meta property=\"og:type\" content=\"article\" \/>\n<meta property=\"og:title\" content=\"THERM 002 C\u0130LA - THERM KORUYUCU C\u0130LA\" \/>\n<meta property=\"og:description\" content=\"Therm 002 zemin koruyucu cila; beton, ta\u015f ve parke y\u00fczeylerde parlakl\u0131k sa\u011flayan, \u00e7izilme ve a\u015f\u0131nmaya kar\u015f\u0131 dayan\u0131kl\u0131 termoplastik re\u00e7ine esasl\u0131 \u015feffaf zemin verni\u011fidir.\" \/>\n<meta property=\"og:url\" content=\"https:\/\/dolphinfix.com.tr\/eticaret\/urun\/therm-002-seffaf-zemin-koruyucu-cila\/\" \/>\n<meta property=\"og:site_name\" content=\"Dolphinfix\" \/>\n<meta property=\"article:modified_time\" content=\"2026-03-12T20:34:51+00:00\" \/>\n<meta property=\"og:image\" content=\"https:\/\/dolphinfix.com.tr\/eticaret\/wp-content\/uploads\/2024\/10\/002-cila.png\" \/>\n\t<meta property=\"og:image:width\" content=\"1000\" \/>\n\t<meta property=\"og:image:height\" content=\"1000\" \/>\n\t<meta property=\"og:image:type\" content=\"image\/png\" \/>\n<meta name=\"twitter:card\" content=\"summary_large_image\" \/>\n<meta name=\"twitter:label1\" content=\"Tahmini okuma s\u00fcresi\" \/>\n\t<meta name=\"twitter:data1\" content=\"3 dakika\" \/>\n<script type=\"application\/ld+json\" class=\"yoast-schema-graph\">{\"@context\":\"https:\/\/schema.org\",\"@graph\":[{\"@type\":\"WebPage\",\"@id\":\"https:\/\/dolphinfix.com.tr\/eticaret\/urun\/therm-002-seffaf-zemin-koruyucu-cila\/\",\"url\":\"https:\/\/dolphinfix.com.tr\/eticaret\/urun\/therm-002-seffaf-zemin-koruyucu-cila\/\",\"name\":\"Therm 002 Zemin Koruyucu Cila | Beton ve Ta\u015f \u0130\u00e7in \u015eeffaf Vernik\",\"isPartOf\":{\"@id\":\"https:\/\/dolphinfix.com.tr\/eticaret\/#website\"},\"datePublished\":\"2024-10-25T12:44:36+00:00\",\"dateModified\":\"2026-03-12T20:34:51+00:00\",\"description\":\"Therm 002 zemin koruyucu cila; beton, ta\u015f ve parke y\u00fczeylerde parlakl\u0131k sa\u011flayan, \u00e7izilme ve a\u015f\u0131nmaya kar\u015f\u0131 dayan\u0131kl\u0131 termoplastik re\u00e7ine esasl\u0131 \u015feffaf zemin verni\u011fidir.\",\"breadcrumb\":{\"@id\":\"https:\/\/dolphinfix.com.tr\/eticaret\/urun\/therm-002-seffaf-zemin-koruyucu-cila\/#breadcrumb\"},\"inLanguage\":\"tr\",\"potentialAction\":[{\"@type\":\"ReadAction\",\"target\":[\"https:\/\/dolphinfix.com.tr\/eticaret\/urun\/therm-002-seffaf-zemin-koruyucu-cila\/\"]}]},{\"@type\":\"BreadcrumbList\",\"@id\":\"https:\/\/dolphinfix.com.tr\/eticaret\/urun\/therm-002-seffaf-zemin-koruyucu-cila\/#breadcrumb\",\"itemListElement\":[{\"@type\":\"ListItem\",\"position\":1,\"name\":\"Home\",\"item\":\"https:\/\/dolphinfix.com.tr\/eticaret\/\"},{\"@type\":\"ListItem\",\"position\":2,\"name\":\"Market\",\"item\":\"https:\/\/dolphinfix.com.tr\/eticaret\/market\/\"},{\"@type\":\"ListItem\",\"position\":3,\"name\":\"THERM 002 C\u0130LA &#8211; THERM KORUYUCU C\u0130LA\"}]},{\"@type\":\"WebSite\",\"@id\":\"https:\/\/dolphinfix.com.tr\/eticaret\/#website\",\"url\":\"https:\/\/dolphinfix.com.tr\/eticaret\/\",\"name\":\"Dolphinfix\",\"description\":\"\",\"potentialAction\":[{\"@type\":\"SearchAction\",\"target\":{\"@type\":\"EntryPoint\",\"urlTemplate\":\"https:\/\/dolphinfix.com.tr\/eticaret\/?s={search_term_string}\"},\"query-input\":\"required name=search_term_string\"}],\"inLanguage\":\"tr\"}]}<\/script>\n<!-- \/ Yoast SEO Premium plugin. -->","yoast_head_json":{"title":"Therm 002 Zemin Koruyucu Cila | Beton ve Ta\u015f \u0130\u00e7in \u015eeffaf Vernik","description":"Therm 002 zemin koruyucu cila; beton, ta\u015f ve parke y\u00fczeylerde parlakl\u0131k sa\u011flayan, \u00e7izilme ve a\u015f\u0131nmaya kar\u015f\u0131 dayan\u0131kl\u0131 termoplastik re\u00e7ine esasl\u0131 \u015feffaf zemin verni\u011fidir.","robots":{"index":"index","follow":"follow","max-snippet":"max-snippet:-1","max-image-preview":"max-image-preview:large","max-video-preview":"max-video-preview:-1"},"canonical":"https:\/\/dolphinfix.com.tr\/eticaret\/urun\/therm-002-seffaf-zemin-koruyucu-cila\/","og_locale":"tr_TR","og_type":"article","og_title":"THERM 002 C\u0130LA - THERM KORUYUCU C\u0130LA","og_description":"Therm 002 zemin koruyucu cila; beton, ta\u015f ve parke y\u00fczeylerde parlakl\u0131k sa\u011flayan, \u00e7izilme ve a\u015f\u0131nmaya kar\u015f\u0131 dayan\u0131kl\u0131 termoplastik re\u00e7ine esasl\u0131 \u015feffaf zemin verni\u011fidir.","og_url":"https:\/\/dolphinfix.com.tr\/eticaret\/urun\/therm-002-seffaf-zemin-koruyucu-cila\/","og_site_name":"Dolphinfix","article_modified_time":"2026-03-12T20:34:51+00:00","og_image":[{"width":1000,"height":1000,"url":"https:\/\/dolphinfix.com.tr\/eticaret\/wp-content\/uploads\/2024\/10\/002-cila.png","type":"image\/png"}],"twitter_card":"summary_large_image","twitter_misc":{"Tahmini okuma s\u00fcresi":"3 dakika"},"schema":{"@context":"https:\/\/schema.org","@graph":[{"@type":"WebPage","@id":"https:\/\/dolphinfix.com.tr\/eticaret\/urun\/therm-002-seffaf-zemin-koruyucu-cila\/","url":"https:\/\/dolphinfix.com.tr\/eticaret\/urun\/therm-002-seffaf-zemin-koruyucu-cila\/","name":"Therm 002 Zemin Koruyucu Cila | Beton ve Ta\u015f \u0130\u00e7in \u015eeffaf Vernik","isPartOf":{"@id":"https:\/\/dolphinfix.com.tr\/eticaret\/#website"},"datePublished":"2024-10-25T12:44:36+00:00","dateModified":"2026-03-12T20:34:51+00:00","description":"Therm 002 zemin koruyucu cila; beton, ta\u015f ve parke y\u00fczeylerde parlakl\u0131k sa\u011flayan, \u00e7izilme ve a\u015f\u0131nmaya kar\u015f\u0131 dayan\u0131kl\u0131 termoplastik re\u00e7ine esasl\u0131 \u015feffaf zemin verni\u011fidir.","breadcrumb":{"@id":"https:\/\/dolphinfix.com.tr\/eticaret\/urun\/therm-002-seffaf-zemin-koruyucu-cila\/#breadcrumb"},"inLanguage":"tr","potentialAction":[{"@type":"ReadAction","target":["https:\/\/dolphinfix.com.tr\/eticaret\/urun\/therm-002-seffaf-zemin-koruyucu-cila\/"]}]},{"@type":"BreadcrumbList","@id":"https:\/\/dolphinfix.com.tr\/eticaret\/urun\/therm-002-seffaf-zemin-koruyucu-cila\/#breadcrumb","itemListElement":[{"@type":"ListItem","position":1,"name":"Home","item":"https:\/\/dolphinfix.com.tr\/eticaret\/"},{"@type":"ListItem","position":2,"name":"Market","item":"https:\/\/dolphinfix.com.tr\/eticaret\/market\/"},{"@type":"ListItem","position":3,"name":"THERM 002 C\u0130LA &#8211; THERM KORUYUCU C\u0130LA"}]},{"@type":"WebSite","@id":"https:\/\/dolphinfix.com.tr\/eticaret\/#website","url":"https:\/\/dolphinfix.com.tr\/eticaret\/","name":"Dolphinfix","description":"","potentialAction":[{"@type":"SearchAction","target":{"@type":"EntryPoint","urlTemplate":"https:\/\/dolphinfix.com.tr\/eticaret\/?s={search_term_string}"},"query-input":"required name=search_term_string"}],"inLanguage":"tr"}]}},"_links":{"self":[{"href":"https:\/\/dolphinfix.com.tr\/eticaret\/wp-json\/wp\/v2\/product\/16231","targetHints":{"allow":["GET"]}}],"collection":[{"href":"https:\/\/dolphinfix.com.tr\/eticaret\/wp-json\/wp\/v2\/product"}],"about":[{"href":"https:\/\/dolphinfix.com.tr\/eticaret\/wp-json\/wp\/v2\/types\/product"}],"replies":[{"embeddable":true,"href":"https:\/\/dolphinfix.com.tr\/eticaret\/wp-json\/wp\/v2\/comments?post=16231"}],"version-history":[{"count":5,"href":"https:\/\/dolphinfix.com.tr\/eticaret\/wp-json\/wp\/v2\/product\/16231\/revisions"}],"predecessor-version":[{"id":18990,"href":"https:\/\/dolphinfix.com.tr\/eticaret\/wp-json\/wp\/v2\/product\/16231\/revisions\/18990"}],"wp:featuredmedia":[{"embeddable":true,"href":"https:\/\/dolphinfix.com.tr\/eticaret\/wp-json\/wp\/v2\/media\/17469"}],"wp:attachment":[{"href":"https:\/\/dolphinfix.com.tr\/eticaret\/wp-json\/wp\/v2\/media?parent=16231"}],"wp:term":[{"taxonomy":"product_cat","embeddable":true,"href":"https:\/\/dolphinfix.com.tr\/eticaret\/wp-json\/wp\/v2\/product_cat?post=16231"},{"taxonomy":"product_tag","embeddable":true,"href":"https:\/\/dolphinfix.com.tr\/eticaret\/wp-json\/wp\/v2\/product_tag?post=16231"}],"curies":[{"name":"wp","href":"https:\/\/api.w.org\/{rel}","templated":true}]}}